{"id":1634,"date":"2025-04-20T21:29:26","date_gmt":"2025-04-20T21:29:26","guid":{"rendered":"https:\/\/www.web-korki.pl\/?page_id=1634"},"modified":"2025-04-20T21:36:01","modified_gmt":"2025-04-20T21:36:01","slug":"weekend-rozwoju-i-relaksu","status":"publish","type":"page","link":"https:\/\/www.web-korki.pl\/index.php\/weekend-rozwoju-i-relaksu\/","title":{"rendered":"WEEKEND ROZWOJU I RELAKSU"},"content":{"rendered":"\n<p>Latem ka\u017cdego roku zapraszamy oko\u0142o 130 os\u00f3b \u2013 w tym podopiecznych oraz wolontariuszy naszej fundacji  na <em>weekend rozwoju i relaksu<\/em>. To wyj\u0105tkowy czas sp\u0119dzony blisko natury, z dala od ekran\u00f3w i codziennego po\u015bpiechu. \u0141\u0105czymy rozw\u00f3j osobisty z wypoczynkiem i integracj\u0105 w atmosferze \u017cyczliwo\u015bci i wzajemnego wsparcia.<\/p>\n\n\n\n<p class=\"justified-text\">Podopieczni Fundacji maj\u0105 mo\u017cliwo\u015b\u0107 rozwijania swoich talent\u00f3w i pasji podczas r\u00f3\u017cnorodnych warsztat\u00f3w, a wolontariusze zyskuj\u0105 narz\u0119dzia i inspiracje do jeszcze skuteczniejszego dzia\u0142ania na rzecz dzieci.<\/p>\n\n\n\n<p><strong>Przyk\u0142adowe tematy warsztat\u00f3w dla m\u0142odzie\u017cy:<\/strong><\/p>\n\n\n\n<ul class=\"wp-block-list\"><li><em>Tworzenie mapy marze\u0144<\/em><\/li><li><em>Samoobrona<\/em><\/li><li><em>Programowanie robot\u00f3w z klock\u00f3w LEGO<\/em><\/li><li><em>Zaj\u0119cia teatralne<\/em><\/li><li><em>Eksperymenty chemiczne<\/em><\/li><li><em>Projektowanie gier planszowych<\/em><\/li><li><em>Kreatywno\u015b\u0107 i tw\u00f3rcze my\u015blenie<\/em><\/li><li><em>Uwa\u017cno\u015b\u0107 i techniki relaksacyjne<\/em><\/li><li><em>Odkrywanie swoich mocnych stron<\/em><\/li><\/ul>\n\n\n\n<p><strong>Dla wolontariuszy przygotowujemy warsztaty z zakresu:<\/strong><\/p>\n\n\n\n<ul class=\"wp-block-list\"><li><em>Prawa rodzinnego<\/em><\/li><li><em>Sprawczo\u015bci i zarz\u0105dzania projektami<\/em><\/li><li><em>Mentoringu edukacyjnego<\/em><\/li><li><em>Edukacji alternatywnej<\/em><\/li><li><em>Potrzeb dzieci z do\u015bwiadczeniem pieczy zast\u0119pczej<\/em><\/li><li><em>Podstaw psychologii i pedagogiki<\/em><\/li><\/ul>\n\n\n\n<p>Nieod\u0142\u0105cznym elementem wyjazdu s\u0105 tak\u017ce wieczorne spotkania przy ognisku i wsp\u00f3lne zabawy taneczne. To w\u0142a\u015bnie relacje, uwa\u017cno\u015b\u0107 i rado\u015b\u0107 bycia razem stanowi\u0105 najcenniejsz\u0105 warto\u015b\u0107 tego czasu.<\/p>\n\n\n\n<div class=\"wp-block-columns is-layout-flex wp-container-core-columns-is-layout-9d6595d7 wp-block-columns-is-layout-flex\">\n<div class=\"wp-block-column is-layout-flow wp-block-column-is-layout-flow\">\n<figure class=\"wp-block-image size-large\"><img loading=\"lazy\" decoding=\"async\" width=\"1024\" height=\"683\" src=\"https:\/\/www.web-korki.pl\/wp-content\/uploads\/2025\/04\/WebKorki1_21-1024x683.jpg\" alt=\"\" class=\"wp-image-1638\" srcset=\"https:\/\/www.web-korki.pl\/wp-content\/uploads\/2025\/04\/WebKorki1_21-1024x683.jpg 1024w, https:\/\/www.web-korki.pl\/wp-content\/uploads\/2025\/04\/WebKorki1_21-300x200.jpg 300w, https:\/\/www.web-korki.pl\/wp-content\/uploads\/2025\/04\/WebKorki1_21-768x512.jpg 768w, https:\/\/www.web-korki.pl\/wp-content\/uploads\/2025\/04\/WebKorki1_21-1536x1024.jpg 1536w, https:\/\/www.web-korki.pl\/wp-content\/uploads\/2025\/04\/WebKorki1_21-2048x1365.jpg 2048w, https:\/\/www.web-korki.pl\/wp-content\/uploads\/2025\/04\/WebKorki1_21-507x338.jpg 507w\" sizes=\"auto, (max-width: 1024px) 100vw, 1024px\" \/><\/figure>\n<\/div>\n\n\n\n<div class=\"wp-block-column is-layout-flow wp-block-column-is-layout-flow\">\n<figure class=\"wp-block-image size-large\"><img loading=\"lazy\" decoding=\"async\" width=\"1024\" height=\"683\" src=\"https:\/\/www.web-korki.pl\/wp-content\/uploads\/2025\/04\/WebKorki1_125-1024x683.jpg\" alt=\"\" class=\"wp-image-1639\" srcset=\"https:\/\/www.web-korki.pl\/wp-content\/uploads\/2025\/04\/WebKorki1_125-1024x683.jpg 1024w, https:\/\/www.web-korki.pl\/wp-content\/uploads\/2025\/04\/WebKorki1_125-300x200.jpg 300w, https:\/\/www.web-korki.pl\/wp-content\/uploads\/2025\/04\/WebKorki1_125-768x512.jpg 768w, https:\/\/www.web-korki.pl\/wp-content\/uploads\/2025\/04\/WebKorki1_125-1536x1024.jpg 1536w, https:\/\/www.web-korki.pl\/wp-content\/uploads\/2025\/04\/WebKorki1_125-2048x1365.jpg 2048w, https:\/\/www.web-korki.pl\/wp-content\/uploads\/2025\/04\/WebKorki1_125-507x338.jpg 507w\" sizes=\"auto, (max-width: 1024px) 100vw, 1024px\" \/><\/figure>\n<\/div>\n\n\n\n<div class=\"wp-block-column is-layout-flow wp-block-column-is-layout-flow\">\n<figure class=\"wp-block-image size-large\"><img loading=\"lazy\" decoding=\"async\" width=\"1024\" height=\"683\" src=\"https:\/\/www.web-korki.pl\/wp-content\/uploads\/2025\/04\/WebKorki2-1-1024x683.jpg\" alt=\"\" class=\"wp-image-1642\" srcset=\"https:\/\/www.web-korki.pl\/wp-content\/uploads\/2025\/04\/WebKorki2-1-1024x683.jpg 1024w, https:\/\/www.web-korki.pl\/wp-content\/uploads\/2025\/04\/WebKorki2-1-300x200.jpg 300w, https:\/\/www.web-korki.pl\/wp-content\/uploads\/2025\/04\/WebKorki2-1-768x512.jpg 768w, https:\/\/www.web-korki.pl\/wp-content\/uploads\/2025\/04\/WebKorki2-1-1536x1024.jpg 1536w, https:\/\/www.web-korki.pl\/wp-content\/uploads\/2025\/04\/WebKorki2-1-2048x1365.jpg 2048w, https:\/\/www.web-korki.pl\/wp-content\/uploads\/2025\/04\/WebKorki2-1-507x338.jpg 507w\" sizes=\"auto, (max-width: 1024px) 100vw, 1024px\" \/><\/figure>\n<\/div>\n<\/div>\n","protected":false},"excerpt":{"rendered":"<p>Latem ka\u017cdego roku zapraszamy oko\u0142o 130 os\u00f3b \u2013 w tym podopiecznych oraz wolontariuszy naszej fundacji na weekend rozwoju i relaksu.<\/p>\n<p><a href=\"https:\/\/www.web-korki.pl\/index.php\/weekend-rozwoju-i-relaksu\/\" class=\"more-link\">Zobacz wi\u0119cej<span class=\"screen-reader-text\">WEEKEND ROZWOJU I RELAKSU<\/span><\/a><\/p>\n","protected":false},"author":2,"featured_media":0,"parent":0,"menu_order":0,"comment_status":"closed","ping_status":"closed","template":"","meta":{"footnotes":""},"class_list":["post-1634","page","type-page","status-publish","hentry"],"yoast_head":"<!-- This site is optimized with the Yoast SEO plugin v17.9 - https:\/\/yoast.com\/wordpress\/plugins\/seo\/ -->\n<title>WEEKEND ROZWOJU I RELAKSU - Fundacja Web-korki<\/title>\n<meta name=\"robots\" content=\"index, follow, max-snippet:-1, max-image-preview:large, max-video-preview:-1\" \/>\n<link rel=\"canonical\" href=\"https:\/\/www.web-korki.pl\/index.php\/weekend-rozwoju-i-relaksu\/\" \/>\n<meta property=\"og:locale\" content=\"pl_PL\" \/>\n<meta property=\"og:type\" content=\"article\" \/>\n<meta property=\"og:title\" content=\"WEEKEND ROZWOJU I RELAKSU - Fundacja Web-korki\" \/>\n<meta property=\"og:description\" content=\"Latem ka\u017cdego roku zapraszamy oko\u0142o 130 os\u00f3b \u2013 w tym podopiecznych oraz wolontariuszy naszej fundacji na weekend rozwoju i relaksu.Zobacz wi\u0119cejWEEKEND ROZWOJU I RELAKSU\" \/>\n<meta property=\"og:url\" content=\"https:\/\/www.web-korki.pl\/index.php\/weekend-rozwoju-i-relaksu\/\" \/>\n<meta property=\"og:site_name\" content=\"Fundacja Web-korki\" \/>\n<meta property=\"article:modified_time\" content=\"2025-04-20T21:36:01+00:00\" \/>\n<meta property=\"og:image\" content=\"https:\/\/www.web-korki.pl\/wp-content\/uploads\/2025\/04\/WebKorki1_21-1024x683.jpg\" \/>\n<meta name=\"twitter:card\" content=\"summary_large_image\" \/>\n<meta name=\"twitter:label1\" content=\"Szacowany czas czytania\" \/>\n\t<meta name=\"twitter:data1\" content=\"2 minuty\" \/>\n<script type=\"application\/ld+json\" class=\"yoast-schema-graph\">{\"@context\":\"https:\/\/schema.org\",\"@graph\":[{\"@type\":\"WebSite\",\"@id\":\"https:\/\/www.web-korki.pl\/#website\",\"url\":\"https:\/\/www.web-korki.pl\/\",\"name\":\"Fundacja Web-korki\",\"description\":\"PODARUJMY DZIECIOM SW\\u00d3J CZAS\",\"potentialAction\":[{\"@type\":\"SearchAction\",\"target\":{\"@type\":\"EntryPoint\",\"urlTemplate\":\"https:\/\/www.web-korki.pl\/?s={search_term_string}\"},\"query-input\":\"required name=search_term_string\"}],\"inLanguage\":\"pl-PL\"},{\"@type\":\"ImageObject\",\"@id\":\"https:\/\/www.web-korki.pl\/index.php\/weekend-rozwoju-i-relaksu\/#primaryimage\",\"inLanguage\":\"pl-PL\",\"url\":\"https:\/\/www.web-korki.pl\/wp-content\/uploads\/2025\/04\/WebKorki1_21-scaled.jpg\",\"contentUrl\":\"https:\/\/www.web-korki.pl\/wp-content\/uploads\/2025\/04\/WebKorki1_21-scaled.jpg\",\"width\":2560,\"height\":1707},{\"@type\":\"WebPage\",\"@id\":\"https:\/\/www.web-korki.pl\/index.php\/weekend-rozwoju-i-relaksu\/#webpage\",\"url\":\"https:\/\/www.web-korki.pl\/index.php\/weekend-rozwoju-i-relaksu\/\",\"name\":\"WEEKEND ROZWOJU I RELAKSU - Fundacja Web-korki\",\"isPartOf\":{\"@id\":\"https:\/\/www.web-korki.pl\/#website\"},\"primaryImageOfPage\":{\"@id\":\"https:\/\/www.web-korki.pl\/index.php\/weekend-rozwoju-i-relaksu\/#primaryimage\"},\"datePublished\":\"2025-04-20T21:29:26+00:00\",\"dateModified\":\"2025-04-20T21:36:01+00:00\",\"breadcrumb\":{\"@id\":\"https:\/\/www.web-korki.pl\/index.php\/weekend-rozwoju-i-relaksu\/#breadcrumb\"},\"inLanguage\":\"pl-PL\",\"potentialAction\":[{\"@type\":\"ReadAction\",\"target\":[\"https:\/\/www.web-korki.pl\/index.php\/weekend-rozwoju-i-relaksu\/\"]}]},{\"@type\":\"BreadcrumbList\",\"@id\":\"https:\/\/www.web-korki.pl\/index.php\/weekend-rozwoju-i-relaksu\/#breadcrumb\",\"itemListElement\":[{\"@type\":\"ListItem\",\"position\":1,\"name\":\"Strona g\\u0142\\u00f3wna\",\"item\":\"https:\/\/www.web-korki.pl\/\"},{\"@type\":\"ListItem\",\"position\":2,\"name\":\"WEEKEND ROZWOJU I RELAKSU\"}]}]}<\/script>\n<!-- \/ Yoast SEO plugin. -->","yoast_head_json":{"title":"WEEKEND ROZWOJU I RELAKSU - Fundacja Web-korki","robots":{"index":"index","follow":"follow","max-snippet":"max-snippet:-1","max-image-preview":"max-image-preview:large","max-video-preview":"max-video-preview:-1"},"canonical":"https:\/\/www.web-korki.pl\/index.php\/weekend-rozwoju-i-relaksu\/","og_locale":"pl_PL","og_type":"article","og_title":"WEEKEND ROZWOJU I RELAKSU - Fundacja Web-korki","og_description":"Latem ka\u017cdego roku zapraszamy oko\u0142o 130 os\u00f3b \u2013 w tym podopiecznych oraz wolontariuszy naszej fundacji na weekend rozwoju i relaksu.Zobacz wi\u0119cejWEEKEND ROZWOJU I RELAKSU","og_url":"https:\/\/www.web-korki.pl\/index.php\/weekend-rozwoju-i-relaksu\/","og_site_name":"Fundacja Web-korki","article_modified_time":"2025-04-20T21:36:01+00:00","og_image":[{"url":"https:\/\/www.web-korki.pl\/wp-content\/uploads\/2025\/04\/WebKorki1_21-1024x683.jpg"}],"twitter_card":"summary_large_image","twitter_misc":{"Szacowany czas czytania":"2 minuty"},"schema":{"@context":"https:\/\/schema.org","@graph":[{"@type":"WebSite","@id":"https:\/\/www.web-korki.pl\/#website","url":"https:\/\/www.web-korki.pl\/","name":"Fundacja Web-korki","description":"PODARUJMY DZIECIOM SW\u00d3J CZAS","potentialAction":[{"@type":"SearchAction","target":{"@type":"EntryPoint","urlTemplate":"https:\/\/www.web-korki.pl\/?s={search_term_string}"},"query-input":"required name=search_term_string"}],"inLanguage":"pl-PL"},{"@type":"ImageObject","@id":"https:\/\/www.web-korki.pl\/index.php\/weekend-rozwoju-i-relaksu\/#primaryimage","inLanguage":"pl-PL","url":"https:\/\/www.web-korki.pl\/wp-content\/uploads\/2025\/04\/WebKorki1_21-scaled.jpg","contentUrl":"https:\/\/www.web-korki.pl\/wp-content\/uploads\/2025\/04\/WebKorki1_21-scaled.jpg","width":2560,"height":1707},{"@type":"WebPage","@id":"https:\/\/www.web-korki.pl\/index.php\/weekend-rozwoju-i-relaksu\/#webpage","url":"https:\/\/www.web-korki.pl\/index.php\/weekend-rozwoju-i-relaksu\/","name":"WEEKEND ROZWOJU I RELAKSU - Fundacja Web-korki","isPartOf":{"@id":"https:\/\/www.web-korki.pl\/#website"},"primaryImageOfPage":{"@id":"https:\/\/www.web-korki.pl\/index.php\/weekend-rozwoju-i-relaksu\/#primaryimage"},"datePublished":"2025-04-20T21:29:26+00:00","dateModified":"2025-04-20T21:36:01+00:00","breadcrumb":{"@id":"https:\/\/www.web-korki.pl\/index.php\/weekend-rozwoju-i-relaksu\/#breadcrumb"},"inLanguage":"pl-PL","potentialAction":[{"@type":"ReadAction","target":["https:\/\/www.web-korki.pl\/index.php\/weekend-rozwoju-i-relaksu\/"]}]},{"@type":"BreadcrumbList","@id":"https:\/\/www.web-korki.pl\/index.php\/weekend-rozwoju-i-relaksu\/#breadcrumb","itemListElement":[{"@type":"ListItem","position":1,"name":"Strona g\u0142\u00f3wna","item":"https:\/\/www.web-korki.pl\/"},{"@type":"ListItem","position":2,"name":"WEEKEND ROZWOJU I RELAKSU"}]}]}},"_links":{"self":[{"href":"https:\/\/www.web-korki.pl\/index.php\/wp-json\/wp\/v2\/pages\/1634","targetHints":{"allow":["GET"]}}],"collection":[{"href":"https:\/\/www.web-korki.pl\/index.php\/wp-json\/wp\/v2\/pages"}],"about":[{"href":"https:\/\/www.web-korki.pl\/index.php\/wp-json\/wp\/v2\/types\/page"}],"author":[{"embeddable":true,"href":"https:\/\/www.web-korki.pl\/index.php\/wp-json\/wp\/v2\/users\/2"}],"replies":[{"embeddable":true,"href":"https:\/\/www.web-korki.pl\/index.php\/wp-json\/wp\/v2\/comments?post=1634"}],"version-history":[{"count":5,"href":"https:\/\/www.web-korki.pl\/index.php\/wp-json\/wp\/v2\/pages\/1634\/revisions"}],"predecessor-version":[{"id":1645,"href":"https:\/\/www.web-korki.pl\/index.php\/wp-json\/wp\/v2\/pages\/1634\/revisions\/1645"}],"wp:attachment":[{"href":"https:\/\/www.web-korki.pl\/index.php\/wp-json\/wp\/v2\/media?parent=1634"}],"curies":[{"name":"wp","href":"https:\/\/api.w.org\/{rel}","templated":true}]}}