{"id":681,"date":"2022-01-29T21:12:20","date_gmt":"2022-01-29T21:12:20","guid":{"rendered":"https:\/\/www.web-korki.pl\/?page_id=681"},"modified":"2022-01-29T21:45:44","modified_gmt":"2022-01-29T21:45:44","slug":"polityka-prywatnosci","status":"publish","type":"page","link":"https:\/\/www.web-korki.pl\/index.php\/polityka-prywatnosci\/","title":{"rendered":"Polityka cookies"},"content":{"rendered":"\n<p>Niniejsza Polityka dotyczy plik\u00f3w \u201ecookies\u201d i odnosi si\u0119 do niniejszej strony internetowej zarz\u0105dzanej przez Fundacj\u0119 WEB-KORKI ( KRS: 0000934795, NIP:7792532933) z siedzib\u0105 w Poznaniu przy ul. Sieradzkiej 6\/4, 60-163.<\/p>\n\n\n\n<p><br><strong>Czym s\u0105 pliki \u201ecookies\u201d?<br><\/strong>Poprzez pliki \u201ecookies\u201d nale\u017cy rozumie\u0107 dane informatyczne, w szczeg\u00f3lno\u015bci pliki tekstowe, przechowywane w urz\u0105dzeniach ko\u0144cowych u\u017cytkownik\u00f3w przeznaczone do korzystania ze stron internetowych. Pliki te pozwalaj\u0105 rozpozna\u0107 urz\u0105dzenie u\u017cytkownika i odpowiednio wy\u015bwietli\u0107 stron\u0119 internetow\u0105 dostosowan\u0105 do jego indywidualnych preferencji. Jednocze\u015bnie Fundacja nie odpowiada za<br>zawarto\u015b\u0107 plik\u00f3w cookies wysy\u0142anych przez inne strony internetowe, do kt\u00f3rych linki s\u0105 umieszczone na<br>niniejszej stronie.<\/p>\n\n\n\n<p><strong>Jakie pliki cookies wykorzystujemy ?<\/strong><\/p>\n\n\n\n<p>Na stronie internetowej wykorzystujemy nast\u0119puj\u0105ce pliki cookies:<\/p>\n\n\n\n<p><strong>Google Analytics<\/strong><\/p>\n\n\n\n<ul class=\"wp-block-list\"><li>_utma -\u2013 zawiera unikalny identyfikator odwiedzaj\u0105cego, plik jest wa\u017cny 2 lata od utworzenia;<\/li><li>__utmb \u2013 przechowuje informacje o sesji, plik wa\u017cny przez 30 minut od ostatniej aktywno\u015bci osoby odwiedzaj\u0105cej stron\u0119;<\/li><li>__utmc \u2013 s\u0142u\u017cy do przechowywania informacji o sesji, plik jest wa\u017cny do momentu zamkni\u0119cia przegl\u0105darki;<\/li><li>__utmz \u2013 przechowuje informacje odno\u015bnie do tego z jakiego \u017ar\u00f3d\u0142a na stron\u0119 trafi\u0142a osoba odwiedzaj\u0105ca stron\u0119, plik wa\u017cny przez 6 miesi\u0119cy od utworzenia;<\/li><li>__utmt \u2013 s\u0142u\u017cy do przetwarzania zapyta\u0144 u\u017cytkownik\u00f3w oraz generowania danych statystycznych dotycz\u0105cych ruchu w witrynie.<\/li><\/ul>\n\n\n\n<p>Powy\u017csze pliki cookies s\u0105 umieszczane przez Google Analytics. Wi\u0119cej informacji o tym na jakich zasadach ta us\u0142uga zbiera i przetwarza dane mo\u017cna znale\u017a\u0107 na stronie: \u201eJak Google wykorzystuje dane gromadzone podczas korzystania z witryn i aplikacji naszych partner\u00f3w\u201d (znajduj\u0105cej si\u0119 pod adresem www.google.com\/policies\/privacy\/partners\/).<\/p>\n\n\n\n<p><strong>Wtyczka LinkedIn<\/strong><\/p>\n\n\n\n<p>Nasza strona internetowa korzysta z funkcji sieci LinkedIn. Funkcje te udost\u0119pnia nam ameryka\u0144ska sp\u00f3\u0142ka LinkedIn Corporation, 2029 Stierlin Court, Mountain View, CA 94043, USA., Za ka\u017cdym razem, gdy uzyskuje si\u0119 dost\u0119p do naszej strony, przegl\u0105darka nawi\u0105zuje bezpo\u015brednie po\u0142\u0105czenie z serwerami LinkedIn. LinkedIn jest informowany, \u017ce odwiedzi\u0142e\u015b nasz\u0105 stron\u0119 internetow\u0105 ze swojego adresu IP. Je\u015bli u\u017cywasz przycisku LinkedIn \u201cPole\u0107\u201d i jeste\u015b zalogowany na koncie LinkedIn, LinkedIn mo\u017ce powi\u0105za\u0107 Twoj\u0105 wizyt\u0119 z nasz\u0105 witryn\u0105 z kontem u\u017cytkownika. Chcieliby\u015bmy podkre\u015bli\u0107, \u017ce jako Fundacja nie mamy wiedzy na temat tre\u015bci przekazywanych danych ani sposobu ich wykorzystania przez LinkedIn. Wi\u0119cej informacji mo\u017cna znale\u017a\u0107 w polityce prywatno\u015bci LinkedIn dost\u0119pnej na stronie: https:\/\/pl.linkedin.com\/legal\/privacy-policy<\/p>\n\n\n\n<p><strong>Wtyczka Instagram<\/strong><\/p>\n\n\n\n<p>Nasza strona internetowa korzysta z funkcji Instagram. Funkcje te udost\u0119pnia Instagram Inc., 1601 Willow Road, Menlo Park, CA 94025, USA. Je\u017celi klikn\u0105 Pa\u0144stwo przycisk Instagram, po zalogowaniu na swoje konto Instagram, mog\u0105 Pa\u0144stwo przes\u0142a\u0107 \u0142\u0105cze do tre\u015bci z naszej strony internetowej na swoje konto Instagram. W ten spos\u00f3b Instagram mo\u017ce powi\u0105za\u0107 Pa\u0144stwa wizyt\u0119 na naszej stronie z Pa\u0144stwa kontem u\u017cytkownika. Zwracamy uwag\u0119 na fakt, \u017ce jako dostawca strony nie posiadamy wiedzy o tre\u015bci przekazywanych danych ani o sposobie korzystania z nich przez Instagram. Wi\u0119cej informacji na ten temat znajd\u0105 Pa\u0144stwo w Polityce prywatno\u015bci Instagram pod adresem: https:\/\/instagram.com\/about\/legal\/privacy\/ .<\/p>\n\n\n\n<p><strong>Wtyczka Facebook<\/strong><\/p>\n\n\n\n<p>Nasza strona korzysta z wtyczek spo\u0142eczno\u015bciowych (&#8222;wtyczki&#8221;) z portalu spo\u0142eczno\u015bciowego facebook.com, kt\u00f3ry jest obs\u0142ugiwany przez Meta Platforms Inc (dawniej Facebook Inc., 1601 S. California Ave, Palo Alto, CA 94304, USA (dalej: &#8222;Facebook&#8221;). Wtyczki mo\u017cna rozpozna\u0107 po jednym z logo Facebooka (bia\u0142e &#8222;f&#8221; na niebieskiej p\u0142ytce, przycisk &#8222;Lubi\u0119 to&#8221; lub znak &#8222;Kciuk do g\u00f3ry&#8221;) lub s\u0105 oznaczone dodatkiem &#8222;Facebook Social Plugin&#8221;. Lista i wygl\u0105d wtyczek Facebooka s\u0105 dost\u0119pne pod adresem: http:\/\/developers.facebook.com\/docs\/plugins. Kiedy odwiedzacie Pa\u0144stwo stron\u0119 internetow\u0105, kt\u00f3ra zawiera tak\u0105 wtyczk\u0119, Pa\u0144stwa przegl\u0105darka zwykle nawi\u0105zuje bezpo\u015brednie po\u0142\u0105czenie z serwerami Facebooka i przesy\u0142a dane do Facebooka, kt\u00f3ry jest przechowywany na serwerach bez Pa\u0144stwa zgody i bez naciskania przycisku. Zawarto\u015b\u0107 wtyczki jest przesy\u0142ana bezpo\u015brednio z Facebooka do przegl\u0105darki i integrowana z witryn\u0105. Z tego wzgl\u0119du, nie mamy wp\u0142ywu na zakres danych, kt\u00f3re Facebook zbiera za pomoc\u0105 tej wtyczki i dlatego informujemy Pa\u0144stwa zgodnie z naszym poziomem wiedzy: http:\/\/www.facebook.com\/help\/?faq=17512 <\/p>\n\n\n\n<p>Poprzez aktywacj\u0119 i integracj\u0119 wtyczek Facebook otrzymuje informacj\u0119, \u017ce wywo\u0142ali Pa\u0144stwo odpowiedni\u0105 stron\u0119 naszej strony internetowej. Je\u015bli jeste\u015bcie Pa\u0144stwo zalogowani na Facebooku, Facebook mo\u017ce przypisa\u0107 Pa\u0144stwa wizyt\u0119 na koncie na Facebooku. W przypadku interakcji z wtyczkami, na przyk\u0142ad poprzez klikni\u0119cie przycisku &#8222;Lubi\u0119 to&#8221; lub komentarz, odpowiednie informacje s\u0105 przekazywane bezpo\u015brednio z przegl\u0105darki do Facebooka i tam zapisywane. Je\u015bli nie jeste\u015bcie Pa\u0144stwo u\u017cytkownikami Facebooka, nadal istnieje mo\u017cliwo\u015b\u0107 uzyskania i przechowywania Pa\u0144stwa adresu IP. Cel i zakres gromadzenia danych oraz ich dalsze przetwarzanie i wykorzystywanie przez Facebook, jak r\u00f3wnie\u017c Pa\u0144stwa prawa i mo\u017cliwo\u015bci ustawie\u0144 w zakresie ochrony prywatno\u015bci znajduj\u0105 si\u0119 na stronie internetowej Facebook: http:\/\/www.facebook.com\/policy.php<\/p>\n\n\n\n<p><strong>Dlaczego korzystamy z plik\u00f3w cookies?<\/strong><\/p>\n\n\n\n<p>Ze wskazanych w niniejszej Polityce plik\u00f3w cookies korzystamy w celu zbierania danych statystycznych dotycz\u0105cych strony, Fundacji np. na temat tego, kt\u00f3re strony by\u0142y odwiedzane, jakie elementy s\u0105 pobierane, oraz dane o nazwie domeny dostawcy us\u0142ug internetowych czy kraju pochodzenia osoby odwiedzaj\u0105cej.<\/p>\n\n\n\n<p><strong>Okres przechowywania plik\u00f3w cookies<\/strong><\/p>\n\n\n\n<p>Pliki cookies z kt\u00f3rych obecnie korzysta strona Fundacji s\u0105 przechowywane w urz\u0105dzeniu U\u017cytkownika przez czas okre\u015blony w ich parametrach lub do czasu ich usuni\u0119cia przez U\u017cytkownika.<\/p>\n\n\n\n<p><strong>Usuni\u0119cie\/ Wy\u0142\u0105czenie plik\u00f3w \u201ecookies\u201d w przegl\u0105darce<\/strong><\/p>\n\n\n\n<p>Podstaw\u0105 prawn\u0105 dla przechowywania i uzyskiwania dost\u0119pu do plik\u00f3w \u201ecookies\u201d zajduj\u0105cych si\u0119 na urz\u0105dzeniu u\u017cytkownika przez Fundacj\u0119 jest zgoda wyra\u017cona przez U\u017cytkownika Strony. U\u017cytkownik ma mo\u017cliwo\u015b\u0107 powrotu do tych ustawie\u0144 w ka\u017cdej chwili i okre\u015blenia warunk\u00f3w przechowywania lub uzyskiwania dost\u0119pu do tych informacji przez Fundacj\u0119.<\/p>\n\n\n\n<p>Standardowo przegl\u0105darka &#8211; oprogramowanie s\u0142u\u017c\u0105ce do przegl\u0105dania stron internetowych &#8211; domy\u015blnie dopuszcza umieszczanie plik\u00f3w \u201ecookies\u201d na urz\u0105dzeniu ko\u0144cowym. Ustawienia te mog\u0105 zosta\u0107 mienione w taki spos\u00f3b, aby blokowa\u0107 automatyczn\u0105 obs\u0142ug\u0119 plik\u00f3w \u201ecookies\u201d w ustawieniach przegl\u0105darki internetowej b\u0105d\u017a informowa\u0107 o ich ka\u017cdorazowym przes\u0142aniu na urz\u0105dzenie u\u017cytkownika. Szczeg\u00f3\u0142owe informacje o mo\u017cliwo\u015bci i sposobach obs\u0142ugi plik\u00f3w \u201ecookies\u201d dost\u0119pne s\u0105 w ustawieniach oprogramowania (przegl\u0105darki internetowej). Mo\u017cna je znale\u017a\u0107 tu:<\/p>\n\n\n\n<ul class=\"wp-block-list\"><li>Firefox: http:\/\/support.mozilla.org\/pl\/kb\/blokowanie-ciasteczek<\/li><li>Safari: http:\/\/support.apple.com\/kb\/ph5042<\/li><li>Microsoft Edge: https:\/\/support.microsoft.com\/pl-pl\/help\/4027947\/microsoft-edge-delete-cookies<\/li><li>Chrome http:\/\/support.google.com\/chrome\/bin\/answer.py?hl=pl&amp;answer=95647<\/li><\/ul>\n","protected":false},"excerpt":{"rendered":"<p>Niniejsza Polityka dotyczy plik\u00f3w \u201ecookies\u201d i odnosi si\u0119 do niniejszej strony internetowej zarz\u0105dzanej przez Fundacj\u0119 WEB-KORKI ( KRS: 0000934795, NIP:7792532933)<\/p>\n<p><a href=\"https:\/\/www.web-korki.pl\/index.php\/polityka-prywatnosci\/\" class=\"more-link\">Zobacz wi\u0119cej<span class=\"screen-reader-text\">Polityka cookies<\/span><\/a><\/p>\n","protected":false},"author":1,"featured_media":0,"parent":0,"menu_order":0,"comment_status":"closed","ping_status":"closed","template":"","meta":{"footnotes":""},"class_list":["post-681","page","type-page","status-publish","hentry"],"yoast_head":"<!-- This site is optimized with the Yoast SEO plugin v17.9 - https:\/\/yoast.com\/wordpress\/plugins\/seo\/ -->\n<title>Polityka cookies - Fundacja Web-korki<\/title>\n<meta name=\"robots\" content=\"index, follow, max-snippet:-1, max-image-preview:large, max-video-preview:-1\" \/>\n<link rel=\"canonical\" href=\"https:\/\/www.web-korki.pl\/index.php\/polityka-prywatnosci\/\" \/>\n<meta property=\"og:locale\" content=\"pl_PL\" \/>\n<meta property=\"og:type\" content=\"article\" \/>\n<meta property=\"og:title\" content=\"Polityka cookies - Fundacja Web-korki\" \/>\n<meta property=\"og:description\" content=\"Niniejsza Polityka dotyczy plik\u00f3w \u201ecookies\u201d i odnosi si\u0119 do niniejszej strony internetowej zarz\u0105dzanej przez Fundacj\u0119 WEB-KORKI ( KRS: 0000934795, NIP:7792532933)Zobacz wi\u0119cejPolityka cookies\" \/>\n<meta property=\"og:url\" content=\"https:\/\/www.web-korki.pl\/index.php\/polityka-prywatnosci\/\" \/>\n<meta property=\"og:site_name\" content=\"Fundacja Web-korki\" \/>\n<meta property=\"article:modified_time\" content=\"2022-01-29T21:45:44+00:00\" \/>\n<meta name=\"twitter:card\" content=\"summary_large_image\" \/>\n<meta name=\"twitter:label1\" content=\"Szacowany czas czytania\" \/>\n\t<meta name=\"twitter:data1\" content=\"6 minut\" \/>\n<script type=\"application\/ld+json\" class=\"yoast-schema-graph\">{\"@context\":\"https:\/\/schema.org\",\"@graph\":[{\"@type\":\"WebSite\",\"@id\":\"https:\/\/www.web-korki.pl\/#website\",\"url\":\"https:\/\/www.web-korki.pl\/\",\"name\":\"Fundacja Web-korki\",\"description\":\"PODARUJMY DZIECIOM SW\\u00d3J CZAS\",\"potentialAction\":[{\"@type\":\"SearchAction\",\"target\":{\"@type\":\"EntryPoint\",\"urlTemplate\":\"https:\/\/www.web-korki.pl\/?s={search_term_string}\"},\"query-input\":\"required name=search_term_string\"}],\"inLanguage\":\"pl-PL\"},{\"@type\":\"WebPage\",\"@id\":\"https:\/\/www.web-korki.pl\/index.php\/polityka-prywatnosci\/#webpage\",\"url\":\"https:\/\/www.web-korki.pl\/index.php\/polityka-prywatnosci\/\",\"name\":\"Polityka cookies - Fundacja Web-korki\",\"isPartOf\":{\"@id\":\"https:\/\/www.web-korki.pl\/#website\"},\"datePublished\":\"2022-01-29T21:12:20+00:00\",\"dateModified\":\"2022-01-29T21:45:44+00:00\",\"breadcrumb\":{\"@id\":\"https:\/\/www.web-korki.pl\/index.php\/polityka-prywatnosci\/#breadcrumb\"},\"inLanguage\":\"pl-PL\",\"potentialAction\":[{\"@type\":\"ReadAction\",\"target\":[\"https:\/\/www.web-korki.pl\/index.php\/polityka-prywatnosci\/\"]}]},{\"@type\":\"BreadcrumbList\",\"@id\":\"https:\/\/www.web-korki.pl\/index.php\/polityka-prywatnosci\/#breadcrumb\",\"itemListElement\":[{\"@type\":\"ListItem\",\"position\":1,\"name\":\"Strona g\\u0142\\u00f3wna\",\"item\":\"https:\/\/www.web-korki.pl\/\"},{\"@type\":\"ListItem\",\"position\":2,\"name\":\"Polityka cookies\"}]}]}<\/script>\n<!-- \/ Yoast SEO plugin. -->","yoast_head_json":{"title":"Polityka cookies - Fundacja Web-korki","robots":{"index":"index","follow":"follow","max-snippet":"max-snippet:-1","max-image-preview":"max-image-preview:large","max-video-preview":"max-video-preview:-1"},"canonical":"https:\/\/www.web-korki.pl\/index.php\/polityka-prywatnosci\/","og_locale":"pl_PL","og_type":"article","og_title":"Polityka cookies - Fundacja Web-korki","og_description":"Niniejsza Polityka dotyczy plik\u00f3w \u201ecookies\u201d i odnosi si\u0119 do niniejszej strony internetowej zarz\u0105dzanej przez Fundacj\u0119 WEB-KORKI ( KRS: 0000934795, NIP:7792532933)Zobacz wi\u0119cejPolityka cookies","og_url":"https:\/\/www.web-korki.pl\/index.php\/polityka-prywatnosci\/","og_site_name":"Fundacja Web-korki","article_modified_time":"2022-01-29T21:45:44+00:00","twitter_card":"summary_large_image","twitter_misc":{"Szacowany czas czytania":"6 minut"},"schema":{"@context":"https:\/\/schema.org","@graph":[{"@type":"WebSite","@id":"https:\/\/www.web-korki.pl\/#website","url":"https:\/\/www.web-korki.pl\/","name":"Fundacja Web-korki","description":"PODARUJMY DZIECIOM SW\u00d3J CZAS","potentialAction":[{"@type":"SearchAction","target":{"@type":"EntryPoint","urlTemplate":"https:\/\/www.web-korki.pl\/?s={search_term_string}"},"query-input":"required name=search_term_string"}],"inLanguage":"pl-PL"},{"@type":"WebPage","@id":"https:\/\/www.web-korki.pl\/index.php\/polityka-prywatnosci\/#webpage","url":"https:\/\/www.web-korki.pl\/index.php\/polityka-prywatnosci\/","name":"Polityka cookies - Fundacja Web-korki","isPartOf":{"@id":"https:\/\/www.web-korki.pl\/#website"},"datePublished":"2022-01-29T21:12:20+00:00","dateModified":"2022-01-29T21:45:44+00:00","breadcrumb":{"@id":"https:\/\/www.web-korki.pl\/index.php\/polityka-prywatnosci\/#breadcrumb"},"inLanguage":"pl-PL","potentialAction":[{"@type":"ReadAction","target":["https:\/\/www.web-korki.pl\/index.php\/polityka-prywatnosci\/"]}]},{"@type":"BreadcrumbList","@id":"https:\/\/www.web-korki.pl\/index.php\/polityka-prywatnosci\/#breadcrumb","itemListElement":[{"@type":"ListItem","position":1,"name":"Strona g\u0142\u00f3wna","item":"https:\/\/www.web-korki.pl\/"},{"@type":"ListItem","position":2,"name":"Polityka cookies"}]}]}},"_links":{"self":[{"href":"https:\/\/www.web-korki.pl\/index.php\/wp-json\/wp\/v2\/pages\/681","targetHints":{"allow":["GET"]}}],"collection":[{"href":"https:\/\/www.web-korki.pl\/index.php\/wp-json\/wp\/v2\/pages"}],"about":[{"href":"https:\/\/www.web-korki.pl\/index.php\/wp-json\/wp\/v2\/types\/page"}],"author":[{"embeddable":true,"href":"https:\/\/www.web-korki.pl\/index.php\/wp-json\/wp\/v2\/users\/1"}],"replies":[{"embeddable":true,"href":"https:\/\/www.web-korki.pl\/index.php\/wp-json\/wp\/v2\/comments?post=681"}],"version-history":[{"count":2,"href":"https:\/\/www.web-korki.pl\/index.php\/wp-json\/wp\/v2\/pages\/681\/revisions"}],"predecessor-version":[{"id":689,"href":"https:\/\/www.web-korki.pl\/index.php\/wp-json\/wp\/v2\/pages\/681\/revisions\/689"}],"wp:attachment":[{"href":"https:\/\/www.web-korki.pl\/index.php\/wp-json\/wp\/v2\/media?parent=681"}],"curies":[{"name":"wp","href":"https:\/\/api.w.org\/{rel}","templated":true}]}}