{"id":771,"date":"2022-03-21T22:50:52","date_gmt":"2022-03-21T22:50:52","guid":{"rendered":"https:\/\/www.web-korki.pl\/?page_id=771"},"modified":"2024-04-29T21:16:26","modified_gmt":"2024-04-29T21:16:26","slug":"strona-glowna","status":"publish","type":"page","link":"https:\/\/www.web-korki.pl\/","title":{"rendered":""},"content":{"rendered":"\n<p><\/p>\n\n\n<h2 style=\"text-align: center;\"><span style=\"color: #2445a6;\"><strong>NASZA MISJA<\/strong><\/span><\/h2>\n<p style=\"text-align: jsutify;\">Wyr\u00f3wnanie szans edukacyjnych dzieci i m\u0142odzie\u017cy z dom\u00f3w dziecka oraz pieczy zast\u0119pczej i&nbsp; zapewnienie rozwoju osobistego wolontariuszom, regularnie wsp\u00f3\u0142pracuj\u0105cym z fundacj\u0105.<\/p>\n<h2 style=\"text-align: center;\"><span style=\"color: #2445a6;\"><strong>NASZA WIZJA<\/strong><\/span><\/h2>\n<p style=\"text-align: left;\"><span style=\"color: #2445a6;\"><strong>Nasi podopieczni<\/strong><\/span><\/p>\n<p style=\"text-align: justify;\">Dzi\u0119ki m.in. uczestnictwu w regularnych korepetycjach zaczynaj\u0105 wierzy\u0107 we w\u0142asne mo\u017cliwo\u015bci i dostrzega\u0107 sw\u00f3j ogromny potencja\u0142, ponadto czuj\u0105 si\u0119 pewniej w\u015br\u00f3d r\u00f3wie\u015bnik\u00f3w oraz zaczynaj\u0105 postrzega\u0107 siebie jako osob\u0119 warto\u015bciow\u0105.<\/p>\n<p style=\"text-align: left;\"><span style=\"color: #2445a6;\"><strong>Nasi wolontariusze<\/strong><\/span><\/p>\n<p style=\"text-align: justify;\">Dzi\u0119ki uczestnictwu w programie rozwojowym, jaki oferuje im fundacja czuj\u0105, \u017ce ich praca jest w pe\u0142ni doceniana.<\/p>\n<p><\/p>","protected":false},"excerpt":{"rendered":"<p>NASZA MISJA Wyr\u00f3wnanie szans edukacyjnych dzieci i m\u0142odzie\u017cy z dom\u00f3w dziecka oraz pieczy zast\u0119pczej i&nbsp; zapewnienie rozwoju osobistego wolontariuszom, regularnie<\/p>\n<p><a href=\"https:\/\/www.web-korki.pl\/\" class=\"more-link\">Zobacz wi\u0119cej<span class=\"screen-reader-text\"><\/span><\/a><\/p>\n","protected":false},"author":1,"featured_media":0,"parent":0,"menu_order":0,"comment_status":"closed","ping_status":"closed","template":"","meta":{"footnotes":""},"class_list":["post-771","page","type-page","status-publish","hentry"],"yoast_head":"<!-- This site is optimized with the Yoast SEO plugin v17.9 - https:\/\/yoast.com\/wordpress\/plugins\/seo\/ -->\n<title>Fundacja Web-korki - Strona g\u0142\u00f3wna<\/title>\n<meta name=\"description\" content=\"Nasz\u0105 misj\u0105 jest wyr\u00f3wnanie szans edukacyjnych dzieci i m\u0142odzie\u017cy z dom\u00f3w dziecka oraz pieczy zast\u0119pczej oraz rozw\u00f3j wolontariuszy.\" \/>\n<meta name=\"robots\" content=\"index, follow, max-snippet:-1, max-image-preview:large, max-video-preview:-1\" \/>\n<link rel=\"canonical\" href=\"https:\/\/www.web-korki.pl\/\" \/>\n<meta property=\"og:locale\" content=\"pl_PL\" \/>\n<meta property=\"og:type\" content=\"article\" \/>\n<meta property=\"og:title\" content=\"Fundacja Web-korki - Strona g\u0142\u00f3wna\" \/>\n<meta property=\"og:description\" content=\"Nasz\u0105 misj\u0105 jest wyr\u00f3wnanie szans edukacyjnych dzieci i m\u0142odzie\u017cy z dom\u00f3w dziecka oraz pieczy zast\u0119pczej oraz rozw\u00f3j wolontariuszy.\" \/>\n<meta property=\"og:url\" content=\"https:\/\/www.web-korki.pl\/\" \/>\n<meta property=\"og:site_name\" content=\"Fundacja Web-korki\" \/>\n<meta property=\"article:modified_time\" content=\"2024-04-29T21:16:26+00:00\" \/>\n<meta name=\"twitter:card\" content=\"summary_large_image\" \/>\n<meta name=\"twitter:label1\" content=\"Szacowany czas czytania\" \/>\n\t<meta name=\"twitter:data1\" content=\"1 minuta\" \/>\n<script type=\"application\/ld+json\" class=\"yoast-schema-graph\">{\"@context\":\"https:\/\/schema.org\",\"@graph\":[{\"@type\":\"WebSite\",\"@id\":\"https:\/\/www.web-korki.pl\/#website\",\"url\":\"https:\/\/www.web-korki.pl\/\",\"name\":\"Fundacja Web-korki\",\"description\":\"PODARUJMY DZIECIOM SW\\u00d3J CZAS\",\"potentialAction\":[{\"@type\":\"SearchAction\",\"target\":{\"@type\":\"EntryPoint\",\"urlTemplate\":\"https:\/\/www.web-korki.pl\/?s={search_term_string}\"},\"query-input\":\"required name=search_term_string\"}],\"inLanguage\":\"pl-PL\"},{\"@type\":\"WebPage\",\"@id\":\"https:\/\/www.web-korki.pl\/#webpage\",\"url\":\"https:\/\/www.web-korki.pl\/\",\"name\":\"Fundacja Web-korki - Strona g\\u0142\\u00f3wna\",\"isPartOf\":{\"@id\":\"https:\/\/www.web-korki.pl\/#website\"},\"datePublished\":\"2022-03-21T22:50:52+00:00\",\"dateModified\":\"2024-04-29T21:16:26+00:00\",\"description\":\"Nasz\\u0105 misj\\u0105 jest wyr\\u00f3wnanie szans edukacyjnych dzieci i m\\u0142odzie\\u017cy z dom\\u00f3w dziecka oraz pieczy zast\\u0119pczej oraz rozw\\u00f3j wolontariuszy.\",\"breadcrumb\":{\"@id\":\"https:\/\/www.web-korki.pl\/#breadcrumb\"},\"inLanguage\":\"pl-PL\",\"potentialAction\":[{\"@type\":\"ReadAction\",\"target\":[\"https:\/\/www.web-korki.pl\/\"]}]},{\"@type\":\"BreadcrumbList\",\"@id\":\"https:\/\/www.web-korki.pl\/#breadcrumb\",\"itemListElement\":[{\"@type\":\"ListItem\",\"position\":1,\"name\":\"Strona g\\u0142\\u00f3wna\",\"item\":\"https:\/\/www.web-korki.pl\/\"},{\"@type\":\"ListItem\",\"position\":2,\"name\":\"\"}]}]}<\/script>\n<!-- \/ Yoast SEO plugin. -->","yoast_head_json":{"title":"Fundacja Web-korki - Strona g\u0142\u00f3wna","description":"Nasz\u0105 misj\u0105 jest wyr\u00f3wnanie szans edukacyjnych dzieci i m\u0142odzie\u017cy z dom\u00f3w dziecka oraz pieczy zast\u0119pczej oraz rozw\u00f3j wolontariuszy.","robots":{"index":"index","follow":"follow","max-snippet":"max-snippet:-1","max-image-preview":"max-image-preview:large","max-video-preview":"max-video-preview:-1"},"canonical":"https:\/\/www.web-korki.pl\/","og_locale":"pl_PL","og_type":"article","og_title":"Fundacja Web-korki - Strona g\u0142\u00f3wna","og_description":"Nasz\u0105 misj\u0105 jest wyr\u00f3wnanie szans edukacyjnych dzieci i m\u0142odzie\u017cy z dom\u00f3w dziecka oraz pieczy zast\u0119pczej oraz rozw\u00f3j wolontariuszy.","og_url":"https:\/\/www.web-korki.pl\/","og_site_name":"Fundacja Web-korki","article_modified_time":"2024-04-29T21:16:26+00:00","twitter_card":"summary_large_image","twitter_misc":{"Szacowany czas czytania":"1 minuta"},"schema":{"@context":"https:\/\/schema.org","@graph":[{"@type":"WebSite","@id":"https:\/\/www.web-korki.pl\/#website","url":"https:\/\/www.web-korki.pl\/","name":"Fundacja Web-korki","description":"PODARUJMY DZIECIOM SW\u00d3J CZAS","potentialAction":[{"@type":"SearchAction","target":{"@type":"EntryPoint","urlTemplate":"https:\/\/www.web-korki.pl\/?s={search_term_string}"},"query-input":"required name=search_term_string"}],"inLanguage":"pl-PL"},{"@type":"WebPage","@id":"https:\/\/www.web-korki.pl\/#webpage","url":"https:\/\/www.web-korki.pl\/","name":"Fundacja Web-korki - Strona g\u0142\u00f3wna","isPartOf":{"@id":"https:\/\/www.web-korki.pl\/#website"},"datePublished":"2022-03-21T22:50:52+00:00","dateModified":"2024-04-29T21:16:26+00:00","description":"Nasz\u0105 misj\u0105 jest wyr\u00f3wnanie szans edukacyjnych dzieci i m\u0142odzie\u017cy z dom\u00f3w dziecka oraz pieczy zast\u0119pczej oraz rozw\u00f3j wolontariuszy.","breadcrumb":{"@id":"https:\/\/www.web-korki.pl\/#breadcrumb"},"inLanguage":"pl-PL","potentialAction":[{"@type":"ReadAction","target":["https:\/\/www.web-korki.pl\/"]}]},{"@type":"BreadcrumbList","@id":"https:\/\/www.web-korki.pl\/#breadcrumb","itemListElement":[{"@type":"ListItem","position":1,"name":"Strona g\u0142\u00f3wna","item":"https:\/\/www.web-korki.pl\/"},{"@type":"ListItem","position":2,"name":""}]}]}},"_links":{"self":[{"href":"https:\/\/www.web-korki.pl\/index.php\/wp-json\/wp\/v2\/pages\/771","targetHints":{"allow":["GET"]}}],"collection":[{"href":"https:\/\/www.web-korki.pl\/index.php\/wp-json\/wp\/v2\/pages"}],"about":[{"href":"https:\/\/www.web-korki.pl\/index.php\/wp-json\/wp\/v2\/types\/page"}],"author":[{"embeddable":true,"href":"https:\/\/www.web-korki.pl\/index.php\/wp-json\/wp\/v2\/users\/1"}],"replies":[{"embeddable":true,"href":"https:\/\/www.web-korki.pl\/index.php\/wp-json\/wp\/v2\/comments?post=771"}],"version-history":[{"count":2,"href":"https:\/\/www.web-korki.pl\/index.php\/wp-json\/wp\/v2\/pages\/771\/revisions"}],"predecessor-version":[{"id":774,"href":"https:\/\/www.web-korki.pl\/index.php\/wp-json\/wp\/v2\/pages\/771\/revisions\/774"}],"wp:attachment":[{"href":"https:\/\/www.web-korki.pl\/index.php\/wp-json\/wp\/v2\/media?parent=771"}],"curies":[{"name":"wp","href":"https:\/\/api.w.org\/{rel}","templated":true}]}}